{"id":16,"date":"2017-02-01T23:05:02","date_gmt":"2017-02-01T22:05:02","guid":{"rendered":"http:\/\/ns-wissenschaft.fheh.org\/?page_id=16"},"modified":"2020-11-13T08:44:53","modified_gmt":"2020-11-13T07:44:53","slug":"publikationen","status":"publish","type":"page","link":"http:\/\/ns-wissenschaft.fheh.org\/?page_id=16","title":{"rendered":"Publikationen"},"content":{"rendered":"<h4>Aus dem Projekt<\/h4>\n<p><a href=\"http:\/\/ns-wissenschaft.fheh.org\/?page_id=29\">Andrea Albrecht\/<\/a><a href=\"http:\/\/ns-wissenschaft.fheh.org\/?page_id=104\">Ralf Klausnitzer<\/a>, \u201eTrotz mancher Schwierigkeiten\u201c. Zu den Auslandsreisen deutscher Geisteswissenschaftler zwischen 1933 und 1945, in: Berichte zur Wissenschaftsgeschichte\u00a040.1 (2020), ,S.\u00a048-73\u00a0(<a href=\"http:\/\/dx.doi.org\/10.1002\/bewi.202000001\" data-cke-saved-href=\"http:\/\/dx.doi.org\/10.1002\/bewi.202000001\">online<\/a>).<\/p>\n<p><a href=\"http:\/\/ns-wissenschaft.fheh.org\/?page_id=29\">Andrea Albrecht<\/a>\/<a href=\"http:\/\/ns-wissenschaft.fheh.org\/?page_id=106\">Jens Krumeich<\/a>: \u00bbTaten besiegen Tinte\u00ab? Propagandistische Demontagen antifaschistischer Bildsatiren in der NS-Zeit. In: Grenzen des Sag- und Zeigbaren. Humor im Bild von 1900 bis heute, hg. v. Frank Becker und Antonia Gie\u00dfmann-Konrads. Darmstadt 2020, S. 137\u2013155.<\/p>\n<p><a href=\"http:\/\/ns-wissenschaft.fheh.org\/?page_id=29\">Andrea Albrecht<\/a>\/<a href=\"http:\/\/ns-wissenschaft.fheh.org\/?page_id=87\">Katrin Hudey<\/a>, Die \u201e<span class=\"il\">ewige<\/span> unersch\u00f6pfliche Stadt\u201c <span class=\"il\">Rom<\/span>. Zum Politischen in Walter Meckauers Texten vor, w\u00e4hrend und nach dem Exil<i>, <\/i>in: <i><br \/><\/i>Exil. Forschung \u2014 Erkenntnisse \u2014 Ergebnisse 38 (2020), S. 5-34.<\/p>\n<p><a href=\"http:\/\/ns-wissenschaft.fheh.org\/?page_id=29\">Andrea Albrecht<\/a>, Lutz Danneberg, <a href=\"http:\/\/ns-wissenschaft.fheh.org\/?page_id=104\">Ralf Klausnitzer,<\/a>\u00a0Kristina Mateescu (Hg.), <a href=\"https:\/\/www.degruyter.com\/view\/product\/507001?lang=de\"><strong>&#8222;Zwischenv\u00f6lkische Aussprache&#8220;: Internationaler Austausch in wissenschaftlichen Zeitschriften 1933\u20131945<\/strong><\/a>, Berlin\/Boston 2020 (darin dies., Einleitung, S. 1-36).<\/p>\n<p>Andrea Albrecht, Lutz Danneberg und Alexandra Skowronski,\u202f &#8222;Zwischenv\u00f6lkisches Verstehen&#8220; \u2013 Zur Ideologisierung der Wissenschaften zwischen 1933 und 1945, in: <a href=\"http:\/\/ns-wissenschaft.fheh.org\/?page_id=29\">Andrea Albrecht<\/a>, Lutz Danneberg, <a href=\"http:\/\/ns-wissenschaft.fheh.org\/?page_id=104\">Ralf Klausnitzer,<\/a>\u00a0Kristina Mateescu (Hg.), <a href=\"https:\/\/www.degruyter.com\/view\/product\/507001?lang=de\">&#8222;Zwischenv\u00f6lkische Aussprache&#8220;: Internationaler Austausch in wissenschaftlichen Zeitschriften 1933\u20131945<\/a>, Berlin\/Boston 2020, S. 39-82.<\/p>\n<p align=\"justify\">Kristina Mateescu, Katholischer Universalismus und nationalsozialistischer Partikularismus. \u203aInternationalit\u00e4t\u2039 in der Kulturzeitschrift Hochland (1933\u20131941), in: <a href=\"http:\/\/ns-wissenschaft.fheh.org\/?page_id=29\">Andrea Albrecht<\/a>, Lutz Danneberg, <a href=\"http:\/\/ns-wissenschaft.fheh.org\/?page_id=104\">Ralf Klausnitzer,<\/a>\u00a0Kristina Mateescu (Hg.), <a href=\"https:\/\/www.degruyter.com\/view\/product\/507001?lang=de\">&#8222;Zwischenv\u00f6lkische Aussprache&#8220;: Internationaler Austausch in wissenschaftlichen Zeitschriften 1933\u20131945<\/a>, Berlin\/Boston 2020, S. 363-397.<\/p>\n<p align=\"justify\"><a href=\"http:\/\/ns-wissenschaft.fheh.org\/?page_id=29\">Andrea Albrecht<\/a>\/<a href=\"http:\/\/ns-wissenschaft.fheh.org\/?page_id=19\">Alexandra Skowronski<\/a>\/Masetto Bonitz\/Claus Zittel (Hg.), Max Bense \u2013 Werk, Kontext, Wirkung, Stuttgart 2019 (mit Beitr\u00e4gen von <a href=\"http:\/\/ns-wissenschaft.fheh.org\/?page_id=19\">Alexandra Skowronski<\/a>: <a href=\"http:\/\/ns-wissenschaft.fheh.org\/?page_id=94\">Max Benses<\/a> Abendl\u00e4ndische Leidenschaft (1938) oder zum Verh\u00e4ltnis von Philosophie und Politik im Nationalsozialismus, S. 11-41;\u00a0<a href=\"http:\/\/ns-wissenschaft.fheh.org\/?page_id=29\">Andrea Albrecht<\/a>\/Christian Blohmann\/<a href=\"http:\/\/ns-wissenschaft.fheh.org\/?page_id=31\">Lutz Danneberg<\/a>: \u201eMathematik ist reine Wissenschaft, nichts anderes\u201c. Max Bense zwischen Oswald Spengler und Heinrich Scholz, S. 43-112). <a href=\"https:\/\/www.springer.com\/de\/book\/9783476047526\">Link zur Verlagsseite<\/a><\/p>\n<p align=\"justify\">Sandra Schell, Tagungsbericht \u201emit vorsichtig ausgew\u00e4hlten Ausl\u00e4ndern zusammenkommen\u201c. Internationale Tagungen und wissenschaftlicher Austausch in der Zeit des Nationalsozialismus, \u00a018.02.2019 \u2013 20.02.2019 Heidelberg, in: H-Soz-Kult, 16.04.2019,\u00a0<a href=\"http:\/\/www.hsozkult.de\/conferencereport\/id\/tagungsberichte-8221\">&lt;www.hsozkult.de\/conferencereport\/id\/tagungsberichte-8221&gt;<\/a>.<\/p>\n<p align=\"justify\"><a href=\"http:\/\/ns-wissenschaft.fheh.org\/?page_id=29\">Andrea Albrecht<\/a>, <a href=\"http:\/\/ns-wissenschaft.fheh.org\/?page_id=31\">Lutz Danneberg<\/a>, <a href=\"http:\/\/ns-wissenschaft.fheh.org\/?page_id=19\">Alexandra Skowronski<\/a>, <a href=\"http:\/\/ns-wissenschaft.fheh.org\/wp-content\/uploads\/2017\/02\/Uppsala_Abstract_final.pdf\">\u201cZwischenv\u00f6lkisches Verstehen\u201d \u2013 Theory and Practice of Knowledge Transfer between 1933 and 1945<\/a>, in: Maria Bj\u00f6rkman, Patrik Lundell, Sven Widmalm (Hg,): <a href=\"https:\/\/www.taylorfrancis.com\/books\/e\/9781351185110\">Intellectual Collaboration with the Third Reich- Treason or Reason?<\/a>, Abingdon\/New York 2019, S. 21\u201336.<\/p>\n<p align=\"justify\"><a href=\"http:\/\/ns-wissenschaft.fheh.org\/?page_id=29\">Andrea Albrecht<\/a>, Martin Prager, Angriff oder Erwiderung. Neurath, Horkheimer und die Praxis der Kritik, in: Zeitschrift f\u00fcr Ideengeschichte 13.1 (2019), S. 20\u201332.<\/p>\n<p><a href=\"http:\/\/ns-wissenschaft.fheh.org\/?page_id=104\">Ralf Klausnitzer<\/a>\/Wilhelm Schernus\/J\u00f6rg Sch\u00f6nert:\u00a0Wilhelm Emrich.\u00a0Zur Lebensgeschichte eines Geisteswissenschaftlers vor, in und nach der NS-Zeit., 2 Bde.,\u00a0Stuttgart 2018<b>.\u00a0\u00a0<\/b><a href=\"https:\/\/fheh.org\/?page_id=2797\">Mehr zum Emrich-Projekt<\/a><b><\/b><\/p>\n<p><a href=\"http:\/\/ns-wissenschaft.fheh.org\/?page_id=29\">Andrea Albrecht<\/a>, <a href=\"http:\/\/ns-wissenschaft.fheh.org\/?page_id=31\">Lutz Danneberg<\/a>, Wilhelm Emrich; Der Einbruch des Judentums in das wissenschaftliche und fachliche Denken (1943), mit einem Anhang, in:\u00a0<a href=\"http:\/\/ns-wissenschaft.fheh.org\/?page_id=104\">Ralf Klausnitzer<\/a> u. Wilhelm Schernus, J\u00f6rg Sch\u00f6nert (Hg.):\u00a0Wilhelm Emrich.\u00a0Zur Lebensgeschichte eines Geisteswissenschaftlers vor, in und nach der NS-Zeit. Bd. 1: 1929-1945: Der Werdegang eines \u201eGeistigen\u201c im Einflussspektrum akademischer, beruflicher und politischer Institutionen.\u00a0Stuttgart 2018, S. 251-277.<\/p>\n<p><a href=\"http:\/\/ns-wissenschaft.fheh.org\/?page_id=104\">Ralf Klausnitzer<\/a>, Rezension zu S\u00f6ren Flachowsky, R\u00fcdiger Hachtmann, Florian Schmaltz (Hrsg.): Ressourcenmobilisierung. Wissenschaftspolitik und Forschungspraxis im NS-Herrschaftssystem, in: Zeitschrift f\u00fcr Germanistik 3\/2018, S. 674-679.<\/p>\n<p><a href=\"http:\/\/ns-wissenschaft.fheh.org\/?page_id=104\">Ralf Klausnitzer:\u00a0 <\/a>Rezension Rezension zu Elisabeth Grabenweger: Germanistik in Wien. Das Seminar fu\u0308r deutsche Philologie und seine Privatdozentinnen (1897\u20131933). In: Zeitschrift f\u00fcr Germanistik N.F. 28 (2018), S. 173-177<\/p>\n<p><a href=\"http:\/\/ns-wissenschaft.fheh.org\/?page_id=104\">Ralf Klausnitzer:<\/a> Rezension Rezension zu Roger Moorhouse, Richard Overy: Das Dritte Reich in 100 Objekten In: Zeitschrift f\u00fcr Germanistik N.F. 28 (2018), S. 419-421<\/p>\n<p><a href=\"http:\/\/ns-wissenschaft.fheh.org\/?page_id=29\">Andrea Albrecht<\/a>\/<a href=\"http:\/\/ns-wissenschaft.fheh.org\/?page_id=31\">Lutz Danneberg<\/a>\/Simone de Angelis (Hg.), <a href=\"http:\/\/ns-wissenschaft.fheh.org\/?page_id=47\">Die akademische \u201aAchse\u2018 Berlin-Rom? Der wissenschaftlich-kulturelle Austausch zwischen Italien und Deutschland 1920 bis 1945<\/a>. Berlin 2017.<\/p>\n<p><a href=\"http:\/\/ns-wissenschaft.fheh.org\/?page_id=102\">Kristina Mateescu<\/a>, &#8222;&#8230;mit dem Stempel der Illegalit\u00e4t auf der Stirn&#8220;. Zu Friedrich Recks Tagebuch eines Verzweifelten. In: Andrea Albrecht, Moritz Schramm, Tilman Venzl (Hg.): Literatur und Anerkennung. Wechselwirkungen und Perspektiven (=FOLIES Forum Literaturen Europas), Berlin 2017, S. 325-344\u00a0<\/p>\n<p><a href=\"http:\/\/ns-wissenschaft.fheh.org\/?page_id=29\">Andrea Albrecht<\/a>\/<a href=\"http:\/\/ns-wissenschaft.fheh.org\/?page_id=19\">Alexandra Skowronski<\/a>, Tagungsbericht:\u00a0<a href=\"http:\/\/fheh.org\/wp-content\/uploads\/2016\/12\/Uppsala_Tagung_Bericht_final.pdf\">A Treason of the Intellectuals?<\/a> Uppsala, Dezember 2016, URL = <a href=\"http:\/\/hsozkult.geschichte.hu-berlin.de\/tagungsberichte\/id=7001\">http:\/\/hsozkult.geschichte.hu-berlin.de\/tagungsberichte\/id=7001<\/a><\/p>\n<p class=\"western\" align=\"justify\"><a href=\"http:\/\/ns-wissenschaft.fheh.org\/?page_id=29\">Andrea Albrecht<\/a>\/Lutz Danneberg, Zu Brechts Philosophie und seiner Konzeption eines \u201enichtaristotelischen\u201c Theaters, in:\u00a0<a href=\"http:\/\/www.verbrecherverlag.de\/book\/detail\/829\">Brecht und Naturwissenschaften, hg. v. Christian Hippe und Volker I\u00dfbr\u00fccker<\/a>. Berlin 2017, S. 159\u2013175.<\/p>\n<p align=\"justify\"><a href=\"http:\/\/ns-wissenschaft.fheh.org\/?page_id=104\">Ralf Klausnitzer<\/a>, Philologen in der NS-Schrifttumspolitik und ihre Observationen der Gegenwartsliteratur 1933\u20131945. In: Internationales Archiv f\u00fcr Sozialgeschichte der deutschen Literatur 41 (2016), S. 474-502<\/p>\n<h4 class=\"western\" align=\"justify\"><strong>In Vorbereitung<\/strong><\/h4>\n<p align=\"justify\">Andrea Albrecht\/Wolfram Pyta, Goebbels-Tageb\u00fccher, in: Tageb\u00fccher zwischen Text und Quelle. Literaturwissenschaft und Geschichtswissenschaft im Gespr\u00e4ch, Bd. 2, hg. v. Volker Depkat und Wolfram Pyta, erscheint Berlin 2019.<\/p>\n<p>Andrea Albrecht\/Jens Krumeich: Fritz Martini. Ein literaturwissenschaftlicher Autor vor und nach 1945, in Vorbereitung f\u00fcr die Reihe Studien zur Wissenschafts- und Universit\u00e4tsgeschichte des Synchron-Verlags, Heidelberg.<\/p>\n<p>Kristina Mateescu, Oskar Jellineks Exiltageb\u00fccher. In: Autobiographik von Exil, Widerstand, Verfolgung und Lagererfahrung, hg. von der Theodor-Kramer-Gesellschaft, erscheint 2019.<\/p>\n<p>\u00a0<\/p>\n<h4>Publizierte Vorarbeiten<\/h4>\n<p class=\"western\" align=\"justify\">Lutz Danneberg, Wissenschaftsbegriff und epistemischer Relativismus nach 1933. Nicolai Hartmanns Preisfrage \u201eDie inneren Gr\u00fcnde des philosophischen Relativismus und die M\u00f6glichkeit seiner \u00dcberwindung\u201c f\u00fcr die Preu\u00dfische Akademie der Wissenschaften 1936, in: Brigitte Peters und Erhard Sch\u00fctz (Hg.), 200 Jahre Berliner Universit\u00e4t \u2013 200 Jahre Berliner Germanistik 1810-2010. Bern 2011, S. 173\u2013216.<\/p>\n<p class=\"western\" align=\"justify\">Lutz Danneberg\/Ralf Klausnitzer (Hg.; mit Wolfgang H\u00f6ppner), Stil, Schule, Disziplin. Analyse und Erprobung von Konzepten wissenschaftsgeschichtlicher Rekonstruktion. Berlin 2005.<\/p>\n<p class=\"western\" align=\"justify\">Lutz Danneberg (Hg.; mit Holger Dainat), Literaturwissenschaft und Nationalsozialismus. T\u00fcbingen 2003.<\/p>\n<p class=\"western\" align=\"justify\">Lutz Danneberg (Hg.; mit Friedrich Vollhardt), Wie international ist die Literaturwissenschaft? Methoden- und Theoriediskussion in den Literaturwissenschaften: kulturelle Besonderheiten und internationaler Austausch. Stuttgart\/Weimar 1996.<\/p>\n<p class=\"western\" align=\"justify\">Lutz Danneberg,\u00a0Zu Brechts Rezeption des Logischen Empirismus, in: Deutsche Zeitschrift f\u00fcr Philosophie 44 (1996), S. 363\u2013387.<\/p>\n<p class=\"western\" align=\"justify\">Lutz Danneberg,\u00a0(Hg.; mit Andreas Kamlah und Lothar Sch\u00e4fer), Hans Reichenbach und die Berliner Gruppe. Braunschweig\/Wiesbaden 1994, darin \u201eVorwort: Die Berliner Gruppe in der Philoso\u00adphiegeschichtsschreibung\u201c, S. 1\u20136; \u201eDie philosophische Analyse im Logischen Empirismus: Explikation und Rekonstruktion\u201c, S. 229\u2013249.<\/p>\n<p class=\"western\" align=\"justify\">Lutz Danneberg, Logischer Empirismus in Deutschland, in: Wien \u2013 Berlin \u2013 Prag. Der Aufstieg der wissenschaftlichen Philosophie. Zentenarien Rudolf Carnap \u2013 Hans Reichenbach \u2013 Edgar Zilsel, hg. v.\u00a0Rudolf Haller und Friedrich Stadler. Wien 1993 (Ver\u00f6ffentlichungen des Instituts Wiener Kreis 2), S. 320\u2013361.<\/p>\n<p class=\"western\" align=\"justify\">Andrea Albrecht, \u201eWissenschaftliches R\u00fcstzeug\u201c. Zur Produktion volkswirtschaftlichen Wissens unter den Bedingungen nationalsozialistischer Herrschaft am Beispiel von Hans Peter (1898\u20131959), Online-Publikation, Juli 2010, URL:\u00a0<a href=\"http:\/\/fheh.org\/wp-content\/uploads\/2016\/07\/AlbrechtHPeter1.pdf\">http:\/\/fheh.org\/wp-content\/uploads\/2016\/07\/AlbrechtHPeter1.pdf<\/a><\/p>\n<p class=\"western\" align=\"justify\">Andrea Albrecht (Hg.; mit C. L\u00f6schner), <a href=\"http:\/\/fheh.org\/?page_id=2760\">K\u00e4te Hamburger. Kontext, Theorie und Praxis<\/a>. Berlin\/New York 2015.<\/p>\n<p class=\"western\" align=\"justify\">Andrea Albrecht, Alexandra Skowronski, Hans Wahl und der Kampfbund f\u00fcr deutsche Kultur in Weimar 1928\u20131933, in: Publications of the English Goethe Society 84.3 (2015), S. 74\u201398.<\/p>\n<p class=\"western\" align=\"justify\">Ralf Klausnitzer, Blaue Blume unterm Hakenkreuz. Die Rezeption der deutschen literarischen Romantik im Dritten Reich. Paderborn, M\u00fcnchen, Wien, Z\u00fcrich 1999.<\/p>\n<p>Ralf Klausnitzer, Wissenstransfer. Konditionen, Praktiken, Verlaufsformen der Weitergabe von Erkenntnis. Analyse und Erprobung von Konzepten wissenschaftsgeschichtlicher Rekonstruktion (II). Frankfurt\/Main, Bern 2013 (Berliner Beitr\u00e4ge zur Wissens- und Wissenschaftsgeschichte 14; zusammen mit Jan Behrs und Benjamin Gittel).<\/p>\n<p>Ralf Klausnitzer, Eliminatorischer Antisemitismus? Romantischer Antijudaismus und deutsche Literaturwissenschaft im Nationalsozialismus, in: Weimarer Beitr\u00e4ge 43 &#8211; 4 (1997), S. 583\u2013607.<\/p>\n<p>Ralf Klausnitzer, Zwischen Philologie, Geistesgeschichte, Rassenkunde: Romantikrezeption am Berliner Germanischen Seminar 1933\u20131945, in: Berliner Universit\u00e4t und deutsche Literaturgeschichte, hg. v.\u00a0Gesine Bey. Frankfurt\/M. u.a.: Peter Lang 1998 (= Berliner Beitr\u00e4ge zur Wissenschaftsgeschichte 1), S. 129\u2013157.<\/p>\n<p>Ralf Klausnitzer, \u201eWir r\u00fccken die Burgen unseres Glaubens auf die H\u00f6hen des Kaukasus\u201c. Reichsdramaturg Rainer Schl\u00f6sser zwischen Jena-Weimar und F\u00fchrerbunker, in: Zeitschrift f\u00fcr Germanistik. Neue Folge IX &#8211; 2 (1999), S. 294\u2013317.<\/p>\n<p>Ralf Klausnitzer, Opposition zur \u201eSt\u00e4hlernen Romantik\u201c? Der Klages-Kreis im Dritten Reich, in: Banalit\u00e4t mit Stil. Zur Widerspr\u00fcchlichkeit der Literaturproduktion im Nationalsozialismus. Zeitschrift f\u00fcr Germanistik. Beiheft 1. Bern, hg. v. Walter Delabar, Horst Denkler, Erhart Sch\u00fctz. Berlin, Frankfurt\/M., New York, Paris, Wien 1999, S. 43\u201378.<\/p>\n<p>Ralf Klausnitzer,\u00a0\u201eKr\u00f6nung des ostdeutschen Siedelwerks\u201c. Zur Debatte um Josef Nadlers Romantikkonzeption in den 1920er und 1930er Jahren, in: Euphorion 93 (1999), S. 99\u2013125.<\/p>\n<p>Ralf Klausnitzer,\u00a0Deutsch-Skandinavische Kulturbeziehungen in der klassisch-romantischen Literaturepoche und ihre Rezeption in der NS-Zeit, in: Bilder des Nordens in der Germanistik 1929\u20131945. Wissenschaftliche Integrit\u00e4t oder politische Anpassung, hg. v.\u00a0Birgitta Almgren. S\u00f6dert\u00f6rn 2002, S. 41\u201368.<\/p>\n<p>Ralf Klausnitzer, Umwertung der deutschen Romantik? Aspekte der literaturwissenschaftlichen Romantik-Rezeption im Dritten Reich, in: Literaturwissenschaft und Nationalsozialismus, hg. v.\u00a0Holger Dainat und Lutz Danneberg. T\u00fcbingen 2003, S. 185\u2013214.<\/p>\n<p class=\"western\" align=\"justify\">Alexandra Skowronski,\u00a0Heisenberg und Goethe \u2013 Physik und Dichtung. Strategien naturwissenschaftlicher und bildungsb\u00fcrgerlicher Selbstdarstellung am Beispiel von Werner Heisenbergs Goethe-Vortr\u00e4gen (1941 und 1967). In: Scientia Poetica 15 (2012), S. 252\u2013296.<\/p>\n\n\n<p><\/p>\n","protected":false},"excerpt":{"rendered":"<p>Aus dem Projekt Andrea Albrecht\/Ralf Klausnitzer, \u201eTrotz mancher Schwierigkeiten\u201c. Zu den Auslandsreisen deutscher Geisteswissenschaftler zwischen 1933 und 1945, in: Berichte zur Wissenschaftsgeschichte\u00a040.1 (2020), ,S.\u00a048-73\u00a0(online). Andrea Albrecht\/Jens Krumeich: \u00bbTaten besiegen Tinte\u00ab? Propagandistische Demontagen antifaschistischer Bildsatiren in der NS-Zeit. In: Grenzen des Sag- und Zeigbaren. Humor im Bild von 1900 bis heute, hg. v. Frank Becker und &hellip; <a href=\"http:\/\/ns-wissenschaft.fheh.org\/?page_id=16\" class=\"more-link\"><span class=\"screen-reader-text\">Publikationen<\/span> weiterlesen<\/a><\/p>\n","protected":false},"author":1,"featured_media":0,"parent":0,"menu_order":4,"comment_status":"closed","ping_status":"closed","template":"","meta":{"footnotes":""},"class_list":["post-16","page","type-page","status-publish","hentry"],"_links":{"self":[{"href":"http:\/\/ns-wissenschaft.fheh.org\/index.php?rest_route=\/wp\/v2\/pages\/16","targetHints":{"allow":["GET"]}}],"collection":[{"href":"http:\/\/ns-wissenschaft.fheh.org\/index.php?rest_route=\/wp\/v2\/pages"}],"about":[{"href":"http:\/\/ns-wissenschaft.fheh.org\/index.php?rest_route=\/wp\/v2\/types\/page"}],"author":[{"embeddable":true,"href":"http:\/\/ns-wissenschaft.fheh.org\/index.php?rest_route=\/wp\/v2\/users\/1"}],"replies":[{"embeddable":true,"href":"http:\/\/ns-wissenschaft.fheh.org\/index.php?rest_route=%2Fwp%2Fv2%2Fcomments&post=16"}],"version-history":[{"count":44,"href":"http:\/\/ns-wissenschaft.fheh.org\/index.php?rest_route=\/wp\/v2\/pages\/16\/revisions"}],"predecessor-version":[{"id":473,"href":"http:\/\/ns-wissenschaft.fheh.org\/index.php?rest_route=\/wp\/v2\/pages\/16\/revisions\/473"}],"wp:attachment":[{"href":"http:\/\/ns-wissenschaft.fheh.org\/index.php?rest_route=%2Fwp%2Fv2%2Fmedia&parent=16"}],"curies":[{"name":"wp","href":"https:\/\/api.w.org\/{rel}","templated":true}]}}